{"version":"1.0","provider_name":"pamlag","provider_url":"https:\/\/pamlag.cafeblog.hu","author_name":"pamlag","author_url":"https:\/\/pamlag.cafeblog.hu\/author\/pamlag\/","title":"Houdini-szindr\u00f3ma","html":"<p>\u00cdrta: Petr\u00e1s Gabriella<\/p>\r\n<p><span style=\"font-family: Times New Roman,serif\"><span style=\"font-size: medium\">Ha t\u00faljutunk az ismerked\u00e9s els\u0151 l\u00e9p\u00e9sein, s m\u00e1r k\u00f6zelr\u0151l n\u00e9zhet\u00fcnk kiv\u00e1lasztottunk csillog\u00f3 szem\u00e9be, ut\u00e1na sem felt\u00e9tlen k\u00f6nny\u0171 a helyzet: a viharvert sz\u00edvek gazd\u00e1i olykor p\u00e1nikba esnek, s Houdinit megsz\u00e9gyen\u00edt\u0151 mutatv\u00e1nnyal elt\u0171nnek, mi pedig \u00e9rtetlen\u00fcl \u00e1llunk egy \u00f3ri\u00e1si k\u00e9rd\u0151jellel a fej\u00fcnk felett.<\/span><\/span><\/p>\r\n<p>\u201e<span style=\"font-family: Times New Roman,serif\"><span style=\"font-size: medium\">Csab\u00e1val az els\u0151 pillanatban felfigyelt\u00fcnk egym\u00e1sra. Megismerkedt\u00fcnk, majd csod\u00e1latos hetek k\u00f6vetkeztek, a fellegekben j\u00e1rtam: vacsora, mozi, nagy kir\u00e1ndul\u00e1sok, \u00f6sszeb\u00faj\u00e1sok. Azt\u00e1n egyik pillanatr\u00f3l a m\u00e1sikra v\u00e9ge szakadt a romantikus filmnek, a vet\u00edt\u00e9s v\u00e9get \u00e9rt a t\u00f6rt\u00e9net kell\u0151s k\u00f6zep\u00e9n, s felkapcsolt\u00e1k a villanyt: vas\u00e1rnap este m\u00e9g n\u00e1la aludtam, h\u00e9tf\u0151 reggel munk\u00e1ba menet szerelmes \u00fczeneteket v\u00e1ltottunk, majd soha t\u00f6bb\u00e9 nem jelentkezett, a h\u00edv\u00e1saimra sem reag\u00e1lt. Rendezett k\u00f6r\u00fclm\u00e9nyek k\u00f6z\u00f6tt \u00e9l\u0151, stabil, \u00e9rtelmes f\u00e9rfinak ismertem meg. Egyszer\u0171en nem \u00e9rtettem, hogy mi volt az oka a hirtelen elt\u0171n\u00e9snek. Sok\u00e1ig kerestem a v\u00e1laszt, de nem leltem r\u00e1.\u201d \u2013 mes\u00e9li Enik\u0151, a 31 \u00e9ves stewardess.<\/span><\/span><\/p>\r\n<p><span style=\"font-family: Times New Roman,serif\"><span style=\"font-size: medium\">Fejes J\u00e1nos \u00e9letvezet\u00e9si tan\u00e1csad\u00f3 szerint a Houduni-szer\u0171 elt\u0171n\u00e9seknek lesark\u00edtva \u00e1ltal\u00e1ban k\u00e9t f\u0151 oka van. Az egyik ok a \u201evan m\u00e1sik\u201d szindr\u00f3ma: vannak, akik mindig a szebbet, a jobbat, az \u00fajabbat keresik. Az internet sz\u00e1mos lehet\u0151s\u00e9get ny\u00fajt \u00e9let\u00fcnk egyszer\u0171bb\u00e9 \u00e9s szebb\u00e9 t\u00e9tel\u00e9re. A vil\u00e1gh\u00e1l\u00f3 \u00e9s az okos telefonok vil\u00e1g\u00e1ban k\u00f6nnyebben alak\u00edthatunk ki ismerets\u00e9geket, s egyszer\u0171bbnek t\u0171nik a kapcsolattart\u00e1s is, mint t\u00edz, h\u00fasz, harminc \u00e9vvel ezel\u0151tt. De ennek van egy \u00e1rnyoldala is: amit eleinte K\u00e1na\u00e1nk\u00e9nt \u00e9rz\u00e9kel\u00fcnk, ut\u00f3lag azonban fut\u00f3szalagnak.<\/span><\/span><\/p>\r\n<p><span style=\"font-family: Times New Roman,serif\"><span style=\"font-size: medium\">Laci 38 \u00e9ves, c\u00e9gvezet\u0151, elmond\u00e1sa szerint tudja, hogy kit keres \u00e9s komoly kapcsolatot szeretne. \u201eSikeres, talpra esett f\u00e9rfinak tartom magam, aki k\u00e9szen \u00e1ll arra, hogy csal\u00e1dot alap\u00edtson. \u00c9n nem f\u00e9lek lesz\u00f3l\u00edtani a nekem tetsz\u0151 n\u0151t, de a forgat\u00f3k\u00f6nyv nagyj\u00e1b\u00f3l mindig ugyanaz: Megismerkedem egy l\u00e1nnyal, aki sz\u00e9p, csinos, okos. Azt\u00e1n j\u00f6n a feketeleves: belesz\u00f3l az \u00e9letembe, k\u00f6vetel\u0151zik, r\u00e1m telepszik, f\u00e9lt\u00e9keny. Nekem ez nem kell. Nem vagyok hajland\u00f3 feladni az eddigi \u00e9letemet, a bas\u00e1skod\u00e1st pedig pl\u00e1ne nem viselem. Ilyenkor nem l\u00e1tom \u00e9rtelm\u00e9t annak, hogy b\u00e1rmit is megbesz\u00e9ljek, felesleges. Ink\u00e1bb bedobom a t\u00f6r\u00f6lk\u00f6z\u0151t \u00e9s Doktor Bub\u00f3hoz hasonl\u00f3an k\u00e9rem a k\u00f6vetkez\u0151t. Van el\u00e9g n\u0151, egy kattint\u00e1s az eg\u00e9sz\u201d. Laci 5 \u00e9ve van jelen k\u00fcl\u00f6nb\u00f6z\u0151 t\u00e1rskeres\u0151k\u00f6n.<\/span><\/span><\/p>\r\n<p><span style=\"font-family: Times New Roman,serif\"><span style=\"font-size: medium\">A kapcsolatok elm\u00e9ly\u00fcl\u00e9s\u00e9nek egyik f\u0151 akad\u00e1lya az elk\u00f6telez\u0151d\u00e9sre val\u00f3 k\u00e9ptelens\u00e9g a k\u00fcl\u00f6nb\u00f6z\u0151 f\u00e9lelmek miatt. Sokan a minim\u00e1lis felel\u0151ss\u00e9get sem hajland\u00f3ak v\u00e1llalni a d\u00f6nt\u00e9seik\u00e9rt, az \u00e9let\u00fck\u00e9rt. T\u0151l\u00fck ne v\u00e1rjuk el, hogy egy kapcsolat\u00e9rt ezt meg fogj\u00e1k tenni. An\u00e9lk\u00fcl pedig nem megy. \u0150k azok, akik \u201e\u00f6r\u00f6k gyereknek\u201d vagy \u00e9ppen \u201erosszfi\u00fanak\u201d titul\u00e1lj\u00e1k magukat, s azt gondolj\u00e1k, ezzel felment\u00e9st kapnak az \u00e9let\u00fck ir\u00e1ny\u00edt\u00e1sa al\u00f3l. <\/span><\/span><\/p>\r\n<p><span style=\"font-family: Times New Roman,serif\"><span style=\"font-size: medium\">Emellett kialakult egy olyan r\u00e9teg, akik most szabadultak egy h\u00e1zass\u00e1gb\u00f3l, vagy t\u00f6bb \u00e9ves kapcsolatb\u00f3l \u2013 mes\u00e9li a szak\u00e9rt\u0151. \u0150k azok, akiknek \u00fajra magukra kell tal\u00e1lniuk \u00e9s ennek els\u0151 l\u00e9pcs\u0151foka nyilv\u00e1n nem egy \u00fajabb elk\u00f6telez\u0151d\u00e9s. Ez az oka annak, hogy sz\u00e1mtalan 30-as, 40-es f\u00e9rfit, de n\u0151t is l\u00e1thatunk a sz\u00f3rakoz\u00f3helyeken. Sokszor becsap\u00f3s lehet, mert gondolkod\u00e1sm\u00f3djuk \u00e9rett, azonban lelkiekben m\u00e9g nem \u00e1llnak k\u00e9szen egy kapcsolatra. Mivel fiatalon k\u00f6telezt\u00e9k el magukat, \u0151k most \u00e9lik a m\u00e1sodik kamaszkorukat.<\/span><\/span><\/p>","type":"rich"}