{"version":"1.0","provider_name":"pamlag","provider_url":"https:\/\/pamlag.cafeblog.hu","author_name":"pamlag","author_url":"https:\/\/pamlag.cafeblog.hu\/author\/pamlag\/","title":"Anyu vezet","html":"<p>\u00cdrta: F\u00f6d\u0151 Tam\u00e1s<\/p>\r\n<p><strong style=\"line-height: 1.5\">M\u00e1rpedig a sztereot\u00edpi\u00e1knak van alapja.<\/strong><\/p>\r\n<p>Mell\u00e9kutc\u00e1ban tartok a f\u0151\u00fat fel\u00e9. Jobbos utca k\u00f6vetkezik. Lass\u00edt\u00e1s, k\u00f6r\u00fcltekint\u00e9s. Jobbr\u00f3l mocorog egy aut\u00f3, m\u00e9g nem l\u00e1tni, ki \u00fcl a vol\u00e1nn\u00e1l. Sebaj, neki van els\u0151bbs\u00e9ge. De mi\u00e9rt f\u00e9kez le? Szinte m\u00e1r meg\u00e1ll. Nem l\u00e1tja, hogy r\u00e1 v\u00e1rok? M\u00e9gis \u00e9szrevette. Befordul el\u00e9m. Ilyen csigalass\u00fas\u00e1got! J\u00f3l van, nyugi, r\u00e1\u00e9rek. Van m\u00e9g id\u0151m. A f\u0151\u00fathoz \u00e9rkez\u00fcnk. Jobbra indexel. Ok\u00e9, \u00e9n balra megyek. Mindketten meg\u00e1llunk. Pr\u00f3b\u00e1lok balra h\u00faz\u00f3dni. Tal\u00e1n egyszerre tudunk kanyarodni k\u00e9t ir\u00e1nyba. Meggondolta mag\u00e1t. M\u00e9gis balra megy? <a href=\"https:\/\/www.youtube.com\/watch?v=Wq2PP7udNpk\">Tudja, mit akar?<\/a><\/p>\r\n<p>Elindul balra. Kanyarodik a f\u0151\u00fatra. <a href=\"https:\/\/www.youtube.com\/watch?v=hlHe9fAYlvY\">\u00daristen, mit csin\u00e1l?<\/a> Jobbr\u00f3l m\u00e9g j\u00f6nnek. Huhh, a mindenit, ezt meg\u00faszta. Ut\u00e1na kanyarodom. Haladunk. Nem gyors\u00edt. N\u00e9gy s\u00e1vos az \u00fat. Nan\u00e1, hogy a bels\u0151ben marad. Hetvenes t\u00e1bla k\u00f6vetkezik. M\u00e9g mindig \u00f6tvennel megy. Ezt nem hiszem el! Megmondjam, ki vezet? Fogadjunk!<\/p>\r\n<p>Lassan \u00e1t\u00faszik a k\u00fcls\u0151 s\u00e1vba. H\u00e1l istennek! De nem, m\u00e9gsem! Ez az idi\u00f3ta k\u00e9t s\u00e1von megy. Norm\u00e1lis? <a href=\"https:\/\/www.youtube.com\/watch?v=aQagOh5Piyg\">Ennek ki adott jogsit?<\/a> Musz\u00e1j megel\u0151zn\u00f6m, miel\u0151tt kihullik az \u00f6sszes hajam. Engem nem \u00e9rdekel, ha szab\u00e1lytalanul, akkor szab\u00e1lytalanul el\u0151z\u00f6m meg. V\u00e9gre nem j\u00f6nnek szemb\u0151l. Kicsit \u00e1tl\u00f3gok a szemk\u00f6zti s\u00e1vba, de nem gond. Csak m\u00e1r legyek t\u00fal ezen a r\u00e9m\u00e1lmon. Mell\u00e9 \u00e9rek. \u00c1tn\u00e9zek. Tudtam, tudtam, tudtam! Festett sz\u0151ke, dauerolt haj. Sz\u00f3d\u00e1sszifon szem\u00fcveg. R\u00e1hajolva a korm\u00e1nyra. Szinte m\u00e1r hozz\u00e1n\u0151tt. Tan\u00e1cstalan arckifejez\u00e9s. Anyu??? Te kinek a kocsij\u00e1t vezeted?<\/p>\r\n<p>&nbsp;<\/p>\r\n<p><a href=\"https:\/\/pamlag.cafeblog.hu\/files\/2015\/05\/sz\u0151ke-n\u0151-vezet.png\"><img class=\"alignnone size-medium wp-image-15\" src=\"https:\/\/pamlag.cafeblog.hu\/files\/2015\/05\/sz\u0151ke-n\u0151-vezet-300x240.png\" alt=\"sz\u0151ke n\u0151 vezet\" width=\"300\" height=\"240\" \/><\/a><\/p>\r\n<p>&nbsp;<\/p>","type":"rich"}